{"id":2,"date":"2017-06-27T17:17:14","date_gmt":"2017-06-27T17:17:14","guid":{"rendered":"https:\/\/udekta.com\/corporate\/?page_id=2"},"modified":"2018-03-15T10:39:02","modified_gmt":"2018-03-15T09:39:02","slug":"politica-privacidad","status":"publish","type":"page","link":"https:\/\/udekta.com\/corporate\/politica-privacidad\/","title":{"rendered":"Pol\u00edtica de Privacidad"},"content":{"rendered":"<p><strong>POL\u00cdTICA DE PRIVACIDAD<\/strong><\/p>\n<p>En virtud de la normativa aplicable en materia de Protecci\u00f3n de Datos de Car\u00e1cter Personal, UDEKTA Corporate le informa que los datos personales que nos pueda facilitar para la formalizaci\u00f3n de los formularios contenidos en la Web, ser\u00e1n incorporados a un fichero. A estos efectos, la confidencialidad, el secreto profesional y la seguridad son valores primordiales para el UDEKTA Corporate, que asume el compromiso de garantizar la privacidad del Usuario en todo momento, y en todas las interacciones con aquel. UDEKTA Corporate asume tambi\u00e9n el compromiso de no recabar informaci\u00f3n innecesaria sobre el Usuario. Asimismo, nos comprometemos a tratar con extrema diligencia la informaci\u00f3n personal que el Usuario pueda facilitar a trav\u00e9s de la Web.<\/p>\n<p>La recogida y tratamiento de los datos personales tiene como finalidad la prestaci\u00f3n por parte de raz\u00f3n social de los servicios solicitados por el Usuario, y el adecuado mantenimiento de la relaci\u00f3n establecida, as\u00ed como el env\u00edo, por medios tradicionales y\/o electr\u00f3nicos, de informaci\u00f3n comercial y publicitaria acerca de productos y servicios que gestione la raz\u00f3n social de UDEKTA Corporate, siempre que el Usuario autorice a ello. Las personas f\u00edsicas titulares de los datos podr\u00e1n, en todo momento, ejercitar los derechos de acceso, rectificaci\u00f3n, cancelaci\u00f3n y oposici\u00f3n en los t\u00e9rminos recogidos en la legislaci\u00f3n de protecci\u00f3n de datos, debiendo dirigirse a UDEKTA Corporate en el domicilio Vel\u00e1zquez 3, planta 1\u00aa 28001 Madrid, a fin de remitirle la confirmaci\u00f3n de su actuaci\u00f3n conforme a su solicitud.<\/p>\n<p>El titular de los datos consiente expresamente el env\u00edo de la informaci\u00f3n comercial y publicitada referida en el apartado anterior, y la cesi\u00f3n o comunicaci\u00f3n de los datos incluidos en el fichero a las dem\u00e1s empresas del UDEKTA Corporate, exclusivamente para las finalidades descritas anteriormente. La aceptaci\u00f3n del Usuario para que puedan ser tratados o cedidos sus datos en la forma establecida en este p\u00e1rrafo, tiene siempre car\u00e1cter revocable, conforme a la normativa aplicable en materia de protecci\u00f3n de datos de car\u00e1cter personal.<\/p>\n<p>En todo caso, UDEKTA Corporate garantiza la salvaguarda de la confidencialidad y seguridad de los datos personales, habiendo adoptado las medidas legalmente exigidas de seguridad, que permiten razonablemente asegurar la protecci\u00f3n de sus datos personales y evitar la p\u00e9rdida, mal uso, alteraci\u00f3n, tratamiento o acceso no autorizado de los mismos.<\/p>\n<p>Este sitio puede contener enlaces o referencias a otros sitios web que no est\u00e1n bajo nuestro control y en las que, por lo tanto, no es aplicable la presente pol\u00edtica de protecci\u00f3n de datos. Le aconsejamos leer las indicaciones que al respecto contenga cada p\u00e1gina web que visite. Pasar\u00e1s a ser el \u00fanico responsable de sus conexiones con tales p\u00e1ginas.<\/p>\n<p>Si eres Menor de Edad, s\u00f3lo puedes aportar datos personales con el previo consentimiento de padres o tutores, enviado debidamente firmado y con copia del DNI del padre o tutor firmante a la direcci\u00f3n indicada al inicio del presente Aviso Legal escribiendo en el asunto \u201cDatos Personales Menor De Edad\u201d. UDEKTA Corporate no responde de los datos de menores que, sin poder conocer esta circunstancia, se hayan facilitado sin consentimiento de padre o tutor.<\/p>\n<p>&nbsp;<\/p>\n","protected":false},"excerpt":{"rendered":"<p>POL\u00cdTICA DE PRIVACIDAD En virtud de la normativa aplicable en materia de Protecci\u00f3n de Datos de Car\u00e1cter Personal, UDEKTA Corporate le informa que los datos personales que nos pueda facilitar para la formalizaci\u00f3n de los formularios contenidos en la Web, ser\u00e1n incorporados a un fichero&#8230;.<\/p>\n","protected":false},"author":1,"featured_media":0,"parent":0,"menu_order":0,"comment_status":"closed","ping_status":"open","template":"","meta":{"footnotes":""},"_links":{"self":[{"href":"https:\/\/udekta.com\/corporate\/wp-json\/wp\/v2\/pages\/2"}],"collection":[{"href":"https:\/\/udekta.com\/corporate\/wp-json\/wp\/v2\/pages"}],"about":[{"href":"https:\/\/udekta.com\/corporate\/wp-json\/wp\/v2\/types\/page"}],"author":[{"embeddable":true,"href":"https:\/\/udekta.com\/corporate\/wp-json\/wp\/v2\/users\/1"}],"replies":[{"embeddable":true,"href":"https:\/\/udekta.com\/corporate\/wp-json\/wp\/v2\/comments?post=2"}],"version-history":[{"count":5,"href":"https:\/\/udekta.com\/corporate\/wp-json\/wp\/v2\/pages\/2\/revisions"}],"predecessor-version":[{"id":393,"href":"https:\/\/udekta.com\/corporate\/wp-json\/wp\/v2\/pages\/2\/revisions\/393"}],"wp:attachment":[{"href":"https:\/\/udekta.com\/corporate\/wp-json\/wp\/v2\/media?parent=2"}],"curies":[{"name":"wp","href":"https:\/\/api.w.org\/{rel}","templated":true}]}}